{"id":1186,"date":"2025-04-07T14:53:48","date_gmt":"2025-04-07T14:53:48","guid":{"rendered":"https:\/\/clubescacsmataro.cat\/?page_id=1186"},"modified":"2025-07-31T06:28:50","modified_gmt":"2025-07-31T06:28:50","slug":"historia-del-club-esacs-mataro","status":"publish","type":"page","link":"https:\/\/clubescacsmataro.cat\/index.php\/historia-del-club-esacs-mataro\/","title":{"rendered":"Hist\u00f2ria del Club Escacs Matar\u00f3"},"content":{"rendered":"<div class=\"wp-block-image\">\n<figure class=\"aligncenter size-full\"><img loading=\"lazy\" decoding=\"async\" width=\"960\" height=\"621\" src=\"http:\/\/clubescacsmataro.cat\/wp-content\/uploads\/2025\/04\/historia10.jpg\" alt=\"\" class=\"wp-image-1189\" srcset=\"https:\/\/clubescacsmataro.cat\/wp-content\/uploads\/2025\/04\/historia10.jpg 960w, https:\/\/clubescacsmataro.cat\/wp-content\/uploads\/2025\/04\/historia10-300x194.jpg 300w, https:\/\/clubescacsmataro.cat\/wp-content\/uploads\/2025\/04\/historia10-768x497.jpg 768w, https:\/\/clubescacsmataro.cat\/wp-content\/uploads\/2025\/04\/historia10-24x16.jpg 24w, https:\/\/clubescacsmataro.cat\/wp-content\/uploads\/2025\/04\/historia10-36x23.jpg 36w, https:\/\/clubescacsmataro.cat\/wp-content\/uploads\/2025\/04\/historia10-48x31.jpg 48w\" sizes=\"auto, (max-width: 960px) 100vw, 960px\" \/><\/figure><\/div>\n\n\n<h4 class=\"wp-block-heading\">Neix Club Escacs Matar\u00f3<\/h4>\n\n\n\n<div class=\"wp-block-stackable-text stk-block-text stk-block stk-77f6b95\" data-block-id=\"77f6b95\"><p class=\"stk-block-text__text has-text-align-justify\">El mes de setembre de 1925 el Centre de Dependents havia organitzat l\u2019anomenat Primer Concurs Local d\u2019Escacs amb una trentena de participants. El guanyador va ser&nbsp;<strong>Manuel L\u00f3pez Caparr\u00f3s<\/strong>&nbsp;amb 35 punts, seguit de Jaume Recoder (28), d\u2019Antoni Roy (23) i Joan Juli\u00e0 (20). L\u2019any seg\u00fcent es va organitzar el segon torneig, per\u00f2 curiosament diversos dels participants no van voler que es don\u00e9s publicitat a la seva participaci\u00f3, per\u00f2 es va saber que el guanyador fou Joan Mir\u00f3, seguit altre cop per Jaume Recoder.<\/p><\/div>\n\n\n\n<div class=\"wp-block-stackable-text stk-block-text stk-block stk-1d5090d\" data-block-id=\"1d5090d\"><p class=\"stk-block-text__text has-text-align-justify\">El mes d\u2019agost de 1927 es va celebrar una reuni\u00f3 per a la constituci\u00f3 d\u2019un club d\u2019escacs, obrint l\u2019acte el Sr. Pi\u00f1ol. Es va acordar acceptar l\u2019oferta del Sr. Saleta, cafeter del Clav\u00e9, on qued\u00e0 instal.lat el nou club. El dia 30 d\u2019agost&nbsp;<strong>es varen aprovar els estatuts del&nbsp;<\/strong>Club d&#8217;Escacs Matar\u00f3 que el mes de setembre ja va tenir al primera junta presidida pel&nbsp;<strong>Sr. Trinidad Cruzate<\/strong>.<\/p><\/div>\n\n\n<div class=\"wp-block-image\">\n<figure class=\"aligncenter\"><img decoding=\"async\" src=\"https:\/\/ilurosport.cat\/wp-content\/uploads\/2021\/09\/PrimeraActaCEscacsM.jpg\" alt=\"\" class=\"wp-image-8818\"\/><figcaption class=\"wp-element-caption\"><em>Primera acta del club \/ Foto: Club Escacs Matar\u00f3<\/em><\/figcaption><\/figure><\/div>\n\n\n<div class=\"wp-block-stackable-text stk-block-text stk-block stk-cdcede5\" data-block-id=\"cdcede5\"><p class=\"stk-block-text__text has-text-align-justify\">El dia 12 d\u2019octubre ja se celebraren unes simult\u00e0nies a c\u00e0rrec del destacat jugador Pl\u00e0cid Soler, que en guany\u00e0 20, en va perdre 3 i n\u2019empat\u00e0 5. L\u2019aconseguiren guanyar Aureli Isern, Joan Roig i Corint Abril i feren taules Melcior Comas, Llu\u00eds Marim\u00f3n, Joan Juli\u00e0, Agust\u00ed Subirachs i Armand Conill.<\/p><\/div>\n\n\n\n<div class=\"wp-block-stackable-columns stk-block-columns stk-block stk-528fa6c\" data-block-id=\"528fa6c\"><div class=\"stk-row stk-inner-blocks stk-block-content stk-content-align stk-528fa6c-column\">\n<div class=\"wp-block-stackable-column stk-block-column stk-column stk-block stk-751201e\" data-v=\"4\" data-block-id=\"751201e\"><style>@media screen and (min-width: 768px){.stk-751201e {flex:var(--stk-flex-grow, 1) 1 33.3% !important;}}<\/style><div class=\"stk-column-wrapper stk-block-column__content stk-container stk-751201e-container stk--no-background stk--no-padding\"><div class=\"stk-block-content stk-inner-blocks stk-751201e-inner-blocks\">\n<figure class=\"wp-block-image size-full\"><img loading=\"lazy\" decoding=\"async\" width=\"500\" height=\"573\" src=\"https:\/\/clubescacsmataro.cat\/wp-content\/uploads\/2025\/04\/Historia3.jpg\" alt=\"\" class=\"wp-image-1309\" srcset=\"https:\/\/clubescacsmataro.cat\/wp-content\/uploads\/2025\/04\/Historia3.jpg 500w, https:\/\/clubescacsmataro.cat\/wp-content\/uploads\/2025\/04\/Historia3-262x300.jpg 262w, https:\/\/clubescacsmataro.cat\/wp-content\/uploads\/2025\/04\/Historia3-21x24.jpg 21w, https:\/\/clubescacsmataro.cat\/wp-content\/uploads\/2025\/04\/Historia3-31x36.jpg 31w, https:\/\/clubescacsmataro.cat\/wp-content\/uploads\/2025\/04\/Historia3-42x48.jpg 42w\" sizes=\"auto, (max-width: 500px) 100vw, 500px\" \/><\/figure>\n<\/div><\/div><\/div>\n\n\n\n<div class=\"wp-block-stackable-column stk-block-column stk-column stk-block stk-98d298f\" data-v=\"4\" data-block-id=\"98d298f\"><style>@media screen and (min-width: 768px){.stk-98d298f {flex:var(--stk-flex-grow, 1) 1 66.7% !important;}}<\/style><div class=\"stk-column-wrapper stk-block-column__content stk-container stk-98d298f-container stk--no-background stk--no-padding\"><div class=\"stk-block-content stk-inner-blocks stk-98d298f-inner-blocks\">\n<div class=\"wp-block-stackable-text stk-block-text stk-block stk-49b369c\" data-block-id=\"49b369c\"><p class=\"stk-block-text__text has-text-align-center\"><strong>Arcadi Valls un jove amb gran talent, que guanya al campi\u00f3 del m\u00f3n<\/strong><\/p><\/div>\n\n\n\n<div class=\"wp-block-stackable-text stk-block-text stk-block stk-3650779\" data-block-id=\"3650779\"><style>.stk-3650779 {align-items:flex-end !important;display:flex !important;}<\/style><p class=\"stk-block-text__text has-text-align-justify\">Els campionats locals es varen anar succeint any rere any i els triomfadors dels tres seg\u00fcents foren el mateix Mir\u00f3, Comas i Barbena. Ben aviat naixeren seccions d\u2019escacs en algunes societats mataronines, com la Uni\u00f3 de Cooperadors, on destacaria Salvador Uix, l\u2019Iris, la mateixa UD Mataronesa o el Cercle Cat\u00f2lic, i a poc a poc sorgiren destacats especialistes.<\/p><\/div>\n\n\n\n<div class=\"wp-block-stackable-text stk-block-text stk-block stk-a205e2f\" data-block-id=\"a205e2f\"><p class=\"stk-block-text__text has-text-align-justify\">Un dels primers va ser&nbsp;<strong>Arcadi Valls<\/strong>, cos\u00ed de Mart\u00ed Valls que durant alguns anys va presidir el Club d\u2019Escacs Matar\u00f3. L\u2019any 1932, quan nom\u00e9s tenia 11 anys, ja s\u2019atrevia amb els m\u00e9s grans, i tamb\u00e9 va reptar el campi\u00f3 infantil de Barcelona que era Santiago Gav\u00edn. No era un t\u00edpic \u201cnen prodigi\u201d apassionat pels llibres d\u2019escacs, sin\u00f3 que tot el seu saber era purament intu\u00eftiu i sempre havia declarat gaudir m\u00e9s fent el que volia, que no pas el que assenyalaven els altres. Tamb\u00e9 era un magn\u00edfic jugador de tennis taula, modalitat en la qual s\u2019arrib\u00e0 a proclamar campi\u00f3 de Matar\u00f3 absolut abans de la guerra civil. A poc a poc va anar progressant i ben aviat ho va demostrar en les simult\u00e0nies de qu\u00e8 parl\u00e0vem al comen\u00e7ament.<\/p><\/div>\n\n\n\n<div class=\"wp-block-stackable-text stk-block-text stk-block stk-6f5c1a0\" data-block-id=\"6f5c1a0\"><p class=\"stk-block-text__text\"><\/p><\/div>\n<\/div><\/div><\/div>\n<\/div><\/div>\n\n\n\n<div class=\"wp-block-stackable-text stk-block-text stk-block stk-3dce583\" data-block-id=\"3dce583\"><p class=\"stk-block-text__text has-text-align-justify\">El dia 10 de mar\u00e7 de l\u2019any 1944 va venir a la nostra ciutat ni m\u00e9s ni menys que el que era en aquells moments el campi\u00f3 del m\u00f3n d\u2019escacs, el rus nacionalitzat franc\u00e8s&nbsp;<strong>Alexander Alekhine<\/strong>. Ell havia destronat el cub\u00e0 Capablanca i feia set anys que era campi\u00f3 del m\u00f3n de forma ininterrompuda i aix\u00ed va mantenir-se fins la seva mort l\u2019any 1946. A l\u2019Hotel Su\u00eds es varen posar 30 taulers i Alexander Alekhine es va enfrontar a trenta jugadors a la vegada. La seva superioritat un a un era evident, per\u00f2 la dificultat de mantenir trenta estrat\u00e8gies tamb\u00e9 era notable, i al final va topar amb un rival, potser poc convencional, que va ser capa\u00e7 de derrotar-lo, i que no era altre que el jove mataron\u00ed de 23 anys Arcadi Valls. Nom\u00e9s un altre, Emili Gomis, va poder fer-li taules, i en la resta dels 28 taulers va sortir guanyador el campi\u00f3 del m\u00f3n.<\/p><\/div>\n\n\n\n<div class=\"wp-block-stackable-text stk-block-text stk-block stk-89e8d49\" data-block-id=\"89e8d49\"><p class=\"stk-block-text__text has-text-align-justify\"><em>La foto de portada \u00e9s d\u2019unes simult\u00e0nies jugades per Alekhine l\u2019any 1944, per\u00f2 no es pot asegurar que siguin les de Matar\u00f3, segons comenta en un article seu Joan Manuel Marches, un gran jugador d\u2019escacs mataron\u00ed i historiador d\u2019aquest esport.<\/em><\/p><\/div>\n\n\n\n<div class=\"wp-block-stackable-text stk-block-text stk-block stk-7f53cb8\" data-block-id=\"7f53cb8\"><p class=\"stk-block-text__text has-text-align-justify\">Durant un temps les simult\u00e0nies despertaven passi\u00f3. Aix\u00ed els anys 1945 i 1946 van&nbsp;haver-hi unes altres simult\u00e0nies disputades amb gran expectaci\u00f3. Les primeres per un joven\u00edssim Arturito Pomar, i les segones jugades a \u201ccegues\u201d per Miguel Nadjdorf, argent\u00ed d\u2019origen polon\u00e8s, que acabava de guanyar el Torneig Internacional de Barcelona.<\/p><\/div>\n\n\n\n<figure class=\"wp-block-image\"><img decoding=\"async\" src=\"https:\/\/ilurosport.cat\/wp-content\/uploads\/2021\/09\/SimultaniesPomar.jpg\" alt=\"\" class=\"wp-image-8831\"\/><figcaption class=\"wp-element-caption\"><em>Simult\u00e0nies d\u2019un jove Arturito Pomar \/ Foto: Club Escacs Matar\u00f3<\/em><\/figcaption><\/figure>\n\n\n\n<figure class=\"wp-block-image\"><img decoding=\"async\" src=\"https:\/\/ilurosport.cat\/wp-content\/uploads\/2021\/09\/SimultaniesNajdorfaceguesCEM.jpg\" alt=\"\" class=\"wp-image-8822\"\/><figcaption class=\"wp-element-caption\">Simult\u00e0nies \u201ca cegues\u201d del polon\u00e8s Najdorf \/ Foto: Web Club Escacs Matar\u00f3<\/figcaption><\/figure>\n\n\n\n<div class=\"wp-block-stackable-text stk-block-text stk-block stk-fe13e15\" data-block-id=\"fe13e15\"><p class=\"stk-block-text__text has-text-align-justify\">Arcadi Valls ja era el campi\u00f3 local i durant molts anys va poder assolir aquest t\u00edtol, i tamb\u00e9 es va erigir en el puntal de l\u2019equip del club que va comen\u00e7ar a participar aquell mateix any en les competicions de clubs a 2a categoria catalana.&nbsp;<strong>L\u2019any 1948 el club va obtenir el t\u00edtol de 2a i va pujar a 1a Categoria<\/strong>, i l\u2019ambient d\u2019escacs que es vivia a la nostra ciutat ho demostra el fet de disputar-se el \u201c1r Trofeu Matar\u00f3\u201d amb 82 participants.<\/p><\/div>\n\n\n\n<h4 class=\"wp-block-heading\">Primer Torneig Nacional de Matar\u00f3 en la celebraci\u00f3 del Centenari del Tren<\/h4>\n\n\n\n<div class=\"wp-block-stackable-text stk-block-text stk-block stk-13a971b\" data-block-id=\"13a971b\"><p class=\"stk-block-text__text has-text-align-justify\">Coincidint amb les festes del Centenari del Tren el club mataron\u00ed va organitzar el \u201c1r Torneig Nacional de Matar\u00f3\u201d amb pres\u00e8ncia de cinc destacats jugadors estatals. Es va disputar al Centre Mataron\u00e8s i al Casal Mutualista, a l\u2019actual carrer Bonaire, on hi ha encara el local social del club. El guanyador va ser l\u2019asturi\u00e0&nbsp;<strong>Rom\u00e1n Tor\u00e1n<\/strong>, el que fou gran mestre, per\u00f2 que aleshores nom\u00e9s tenia 17 anys.<\/p><\/div>\n\n\n\n<div class=\"wp-block-stackable-text stk-block-text stk-block stk-78b0d48\" data-block-id=\"78b0d48\"><p class=\"stk-block-text__text has-text-align-justify\">El Club Escacs Matar\u00f3 va debutar a la 1a categoria amb un equip format per&nbsp;<strong>Enric Font<\/strong>, que ja l\u2019any 1943 havia estat campi\u00f3 catal\u00e0 de 2a categoria, Arcadi Valls, Mart\u00ed Valls Tona, Saleta, Recoder, Colomer, Bellavista, Xaudar\u00f3 i un jove Gaspar Bravo, que ja havia assolit categoria de 1a nacional.<\/p><\/div>\n\n\n\n<div class=\"wp-block-stackable-columns stk-block-columns stk-block stk-51c75fd\" data-block-id=\"51c75fd\"><style>.stk-51c75fd {margin-bottom:0px !important;}<\/style><div class=\"stk-row stk-inner-blocks stk-block-content stk-content-align stk-51c75fd-column\">\n<div class=\"wp-block-stackable-column stk-block-column stk-column stk-block stk-5d34e50\" data-v=\"4\" data-block-id=\"5d34e50\"><style>@media screen and (min-width: 768px){.stk-5d34e50 {flex:var(--stk-flex-grow, 1) 1 66.7% !important;}}<\/style><div class=\"stk-column-wrapper stk-block-column__content stk-container stk-5d34e50-container stk--no-background stk--no-padding\"><div class=\"stk-block-content stk-inner-blocks stk-5d34e50-inner-blocks\">\n<div class=\"wp-block-stackable-text stk-block-text stk-block stk-c846548\" data-block-id=\"c846548\"><style>.stk-c846548 {margin-bottom:0px !important;}<\/style><p class=\"stk-block-text__text has-text-align-justify\">L\u2019any 1951 la fusi\u00f3 de l\u2019Alian\u00e7a i la Uni\u00f3 de Cooperadors, va portar tots els jugadors d\u2019escacs mataronins a Club d\u2019Escacs Matar\u00f3 i l\u2019equip va classificar-se per Preferent entre els sis millors equips catalans. Els altres eren T\u00edvoli, Espanyol, Barcelona, Terrassa i Manresa.<\/p><\/div>\n\n\n\n<div class=\"wp-block-stackable-text stk-block-text stk-block stk-09c477c\" data-block-id=\"09c477c\"><p class=\"stk-block-text__text\">L\u2019any 1952 Arcadi Valls va classificar-se per als Campionats d\u2019Espanya, que es van disputar a Gij\u00f3n, on va assolir el 10\u00e8 lloc absolut, competint amb gent com Pomar, Medina, Tor\u00e1n, etc\u2026, i va ser fitxat pel Club Escacs Barcelona, per\u00f2 ben aviat retornaria a Matar\u00f3.<\/p><\/div>\n<\/div><\/div><\/div>\n\n\n\n<div class=\"wp-block-stackable-column stk-block-column stk-column stk-block stk-50cb081\" data-v=\"4\" data-block-id=\"50cb081\"><style>@media screen and (min-width: 768px){.stk-50cb081 {flex:var(--stk-flex-grow, 1) 1 33.3% !important;}}<\/style><div class=\"stk-column-wrapper stk-block-column__content stk-container stk-50cb081-container stk--no-background stk--no-padding\"><div class=\"stk-block-content stk-inner-blocks stk-50cb081-inner-blocks\">\n<figure class=\"wp-block-image size-full\"><img loading=\"lazy\" decoding=\"async\" width=\"300\" height=\"394\" src=\"https:\/\/clubescacsmataro.cat\/wp-content\/uploads\/2025\/04\/Enric-FontEscacs.jpg\" alt=\"\" class=\"wp-image-1310\" style=\"aspect-ratio:3\/2;object-fit:cover\" srcset=\"https:\/\/clubescacsmataro.cat\/wp-content\/uploads\/2025\/04\/Enric-FontEscacs.jpg 300w, https:\/\/clubescacsmataro.cat\/wp-content\/uploads\/2025\/04\/Enric-FontEscacs-228x300.jpg 228w, https:\/\/clubescacsmataro.cat\/wp-content\/uploads\/2025\/04\/Enric-FontEscacs-18x24.jpg 18w, https:\/\/clubescacsmataro.cat\/wp-content\/uploads\/2025\/04\/Enric-FontEscacs-27x36.jpg 27w, https:\/\/clubescacsmataro.cat\/wp-content\/uploads\/2025\/04\/Enric-FontEscacs-37x48.jpg 37w\" sizes=\"auto, (max-width: 300px) 100vw, 300px\" \/><\/figure>\n<\/div><\/div><\/div>\n<\/div><\/div>\n\n\n\n<div class=\"wp-block-stackable-columns stk-block-columns stk-block stk-2cf3f97\" data-block-id=\"2cf3f97\"><div class=\"stk-row stk-inner-blocks stk-block-content stk-content-align stk-2cf3f97-column\">\n<div class=\"wp-block-stackable-column stk-block-column stk-column stk-block stk-f430771\" data-v=\"4\" data-block-id=\"f430771\"><style>@media screen and (min-width: 768px){.stk-f430771 {flex:var(--stk-flex-grow, 1) 1 33.3% !important;}}<\/style><div class=\"stk-column-wrapper stk-block-column__content stk-container stk-f430771-container stk--no-background stk--no-padding\"><div class=\"stk-block-content stk-inner-blocks stk-f430771-inner-blocks\">\n<figure class=\"wp-block-image size-full\"><img loading=\"lazy\" decoding=\"async\" width=\"600\" height=\"783\" src=\"https:\/\/clubescacsmataro.cat\/wp-content\/uploads\/2025\/04\/Historia6.jpg\" alt=\"\" class=\"wp-image-1311\" srcset=\"https:\/\/clubescacsmataro.cat\/wp-content\/uploads\/2025\/04\/Historia6.jpg 600w, https:\/\/clubescacsmataro.cat\/wp-content\/uploads\/2025\/04\/Historia6-230x300.jpg 230w, https:\/\/clubescacsmataro.cat\/wp-content\/uploads\/2025\/04\/Historia6-18x24.jpg 18w, https:\/\/clubescacsmataro.cat\/wp-content\/uploads\/2025\/04\/Historia6-28x36.jpg 28w, https:\/\/clubescacsmataro.cat\/wp-content\/uploads\/2025\/04\/Historia6-37x48.jpg 37w\" sizes=\"auto, (max-width: 600px) 100vw, 600px\" \/><\/figure>\n\n\n\n<p><em>Arcadi Valls (Foto: Ilurosport<\/em>)<\/p>\n<\/div><\/div><\/div>\n\n\n\n<div class=\"wp-block-stackable-column stk-block-column stk-column stk-block stk-39a2705\" data-v=\"4\" data-block-id=\"39a2705\"><style>@media screen and (min-width: 768px){.stk-39a2705 {flex:var(--stk-flex-grow, 1) 1 66.7% !important;}}<\/style><div class=\"stk-column-wrapper stk-block-column__content stk-container stk-39a2705-container stk--no-background stk--no-padding\"><div class=\"stk-block-content stk-inner-blocks stk-39a2705-inner-blocks\">\n<p><\/p>\n\n\n\n<div class=\"wp-block-stackable-text stk-block-text stk-block stk-65ab4f2\" data-block-id=\"65ab4f2\"><p class=\"stk-block-text__text has-text-align-justify\">L\u2019activitat continuava a ple rendiment i l\u2019any 1955 l\u2019equip mataron\u00ed va aconseguir el cinqu\u00e8 lloc a Preferent. Hi havia hagut certa renovaci\u00f3 de noms i al costat d\u2019Arcadi Valls trob\u00e0vem a Subir\u00e0, Vila, Isidre Ferrer, Verdera, Viada entre altres. L\u2019any 1956 l\u2019equip va viure un moment de gran tensi\u00f3 quan per mantenir la categoria Preferent va haver de jugar una promoci\u00f3 contra el Badalona, al qual va superar guanyant aqu\u00ed per 7-3 i perdent a Badalona per 6\u20195-3\u20195.<\/p><\/div>\n\n\n\n<h2 class=\"wp-block-heading\">Al Campionat d\u2019Espanya de clubs<\/h2>\n\n\n\n<div class=\"wp-block-stackable-text stk-block-text stk-block stk-63359a2\" data-block-id=\"63359a2\"><p class=\"stk-block-text__text\">L\u2019any 1959 es va baixar a 1a categoria, per\u00f2 es recuper\u00e0 la preferent l\u2019any 1960 despr\u00e9s de quedar per darrere del Sants. Es van fer tradicionals els enfrontaments a 100 taulers entre Barcelona Ciutat i Barcelona Prov\u00edncia, sempre amb diversos jugadors mataronins entre els millors taulers \u201cprovincials\u201d. Per exemple l\u2019any 1960, Valls era el 3r, Subir\u00e0 el 5\u00e8, Vila el 7\u00e8 i Coppulo el 9\u00e8. El mateix Arcadi Valls tamb\u00e9 va participar en un Catalunya-Espanya fent taules amb Villate.<\/p><\/div>\n<\/div><\/div><\/div>\n<\/div><\/div>\n\n\n\n<div class=\"wp-block-stackable-text stk-block-text stk-block stk-1f3e2ea\" data-block-id=\"1f3e2ea\"><p class=\"stk-block-text__text has-text-align-justify\"><\/p><\/div>\n\n\n\n<h4 class=\"wp-block-heading\">Club Escacs Matar\u00f3 s\u2019enfronta al Real Madrid<\/h4>\n\n\n\n<div class=\"wp-block-stackable-text stk-block-text stk-block stk-6702ef0\" data-block-id=\"6702ef0\"><p class=\"stk-block-text__text has-text-align-justify\">L\u2019any 1961 el Club Escacs Matar\u00f3 va assolir el seu moment de m\u00e0xima esplendor quan es va classificar per jugar el Campionat d\u2019Espanya de clubs i s\u2019enfronta a la capital d\u2019Espanya ni m\u00e9s ni menys que amb la secci\u00f3 del Real Madrid, que en aquells moments tenia a les seves files els millors jugadors estatals, perdent en un doble enfrontament a quatre taulers per 6-2. Formaren l\u2019equip mataron\u00ed Valls, Villar, Subir\u00e0, Vila i Ferrer i el resultat m\u00e9s destacat foren les taules que va aconseguir Arcadi Valls contra el famos\u00edssim Arturo Pomar.<\/p><\/div>\n\n\n<div class=\"wp-block-image\">\n<figure class=\"aligncenter\"><img decoding=\"async\" src=\"https:\/\/ilurosport.cat\/wp-content\/uploads\/2021\/09\/VallsSubira%CC%80VilaVillarEscacs.jpg\" alt=\"\" class=\"wp-image-8824\"\/><figcaption class=\"wp-element-caption\"><em>Valls, Subir\u00e0, Vila i Villar \/ Fotos: ajedrez365.com<\/em><\/figcaption><\/figure><\/div>\n\n\n<h4 class=\"wp-block-heading\">Temps de crisi<\/h4>\n\n\n\n<div class=\"wp-block-stackable-text stk-block-text stk-block stk-662f7cf\" data-block-id=\"662f7cf\"><p class=\"stk-block-text__text has-text-align-justify\">Com si es pagu\u00e9s l\u2019esfor\u00e7 realitzat, la temporada 1962 l\u2019equip baixaria a 1a categoria despr\u00e9s de perdre un desempat amb el Sabadell, i ja no es recuperaria la Preferent fins onze anys m\u00e9s tard. Durant aquest per\u00edode Gaspar Bravo va tenir destacats \u00e8xits formant part d\u2019equips de Barcelona, com l\u2019U.G.A.<\/p><\/div>\n\n\n\n<figure class=\"wp-block-image\"><img decoding=\"async\" src=\"https:\/\/ilurosport.cat\/wp-content\/uploads\/2021\/09\/GasparBravo.jpg\" alt=\"\" class=\"wp-image-8828\"\/><figcaption class=\"wp-element-caption\">Subir\u00e0 i Bravo destacats escaquistes mataronins \/ Foto: Ilurosport<\/figcaption><\/figure>\n\n\n\n<div class=\"wp-block-stackable-text stk-block-text stk-block stk-b69bce7\" data-block-id=\"b69bce7\"><p class=\"stk-block-text__text has-text-align-justify\">Aqu\u00ed a Matar\u00f3 durant aquells anys va destacar Melcior Subir\u00e0 que va ser sis\u00e8 en el Campionat de Catalunya l\u2019any 1966. Per\u00f2 el club va passar per moments de forta crisi, que feren t\u00e9mer per la seva superviv\u00e8ncia, per\u00f2 es va recuperar l\u2019empenta sota la presid\u00e8ncia d\u2019Eduard Villar, que agafava el relleu en el c\u00e0rrec de Recoder, Saleta i Div\u00ed.<\/p><\/div>\n\n\n\n<h4 class=\"wp-block-heading\">Es torna a pujar a Preferent<\/h4>\n\n\n\n<div class=\"wp-block-stackable-text stk-block-text stk-block stk-e5de222\" data-block-id=\"e5de222\"><p class=\"stk-block-text__text has-text-align-justify\">L\u2019equip mataron\u00ed havia caigut fins a la 2a Categoria. L\u2019any 1970 Bravo va reingressar al club mataron\u00ed quan ja havia assolit el t\u00edtol de mestre regional i es va pujar a 1a B, i l\u2019any seg\u00fcent a 1a A, quan tamb\u00e9 van tornar a la competici\u00f3 Arcadi Valls i Mart\u00ed Valls Tona, i tamb\u00e9 Vila Iborra va tornar a Matar\u00f3 despr\u00e9s d\u2019haver jugat al Foment Martinenc.<\/p><\/div>\n\n\n\n<figure class=\"wp-block-image\"><img decoding=\"async\" src=\"https:\/\/ilurosport.cat\/wp-content\/uploads\/2021\/09\/EscacsCEM1973.jpg\" alt=\"\" class=\"wp-image-8827\"\/><figcaption class=\"wp-element-caption\">L\u2019equip de Club Escacs Matar\u00f3 del 1973 \/Foto: Santi Carreras, Ilurosport<\/figcaption><\/figure>\n\n\n\n<div class=\"wp-block-stackable-text stk-block-text stk-block stk-51a7b4e\" data-block-id=\"51a7b4e\"><p class=\"stk-block-text__text has-text-align-justify\">El dia 11 de mar\u00e7 de 1973&nbsp;<strong>es va retornar a la categoria preferent&nbsp;<\/strong>despr\u00e9s de derrotar el CE Lleida a Manresa en partit de promoci\u00f3 per 7-3. L\u2019equip el formaren durant aquella exitosa campanya: Bravo, Arcadi Valls, Vila Iborra, Bas, Villar, Valls Tona, Verdera, Balasch, Coppulo, Roca, Torres i Ferrer. Per\u00f2 no era f\u00e0cil mantenir-se entre els millors i el club mataron\u00ed va baixar, va pujar i va tornar a baixar.<\/p><\/div>\n\n\n\n<div class=\"wp-block-stackable-text stk-block-text stk-block stk-9c732a9\" data-block-id=\"9c732a9\"><p class=\"stk-block-text__text has-text-align-justify\">En l\u2019\u00e0mbit individual Arcadi Valls i Gaspar Bravo jugaven a categoria preferent i el primer d\u2019ells l\u2019any 1977, 33 anys despr\u00e9s d\u2019aquella vict\u00f2ria en les simult\u00e0nies davant Alekhin, encara va classificar-se en el tercer lloc catal\u00e0 d\u2019aquesta categoria.<\/p><\/div>\n\n\n\n<div class=\"wp-block-stackable-text stk-block-text stk-block stk-520e2d1\" data-block-id=\"520e2d1\"><p class=\"stk-block-text__text has-text-align-justify\">A partir de l&#8217;anny 1983 va entrar una nova generaci\u00f3 joves escaquistes que, sota la m\u00e0 de un nou president, \u00c0ngel coppulo, van tornar a revifar el club tant a nivell esportiu com a nivell Social. El Matar\u00f3 ha estat esl ultims 40 anys segurament el millor club del Maresme, militaant uns quans anys a 1a Divisio i la majoria a 2aD, categoria que s&#8217;ha mantingut fins ara.<\/p><\/div>\n\n\n\n<div class=\"wp-block-stackable-text stk-block-text stk-block stk-183c8eb\" data-block-id=\"183c8eb\"><p class=\"stk-block-text__text has-text-align-justify\">Per desgracia, alguns components d&#8217;aquesta nova generaci\u00f3 ja ens han deixat, com en Bernat F\u00e0bregas o en Sergi Gonz\u00e0lez, i altres ja han deixat de ser protagonistes. Pero la l&#8217;any 2010 es van comen\u00e7ar a sentar les bases del que seria l&#8217;Escola del CE Matar\u00f3, la qual ens ha notrit de joves jugadors que estan mantenint viva la flama d&#8217;aquesta entitat, que al 2027 ser\u00e0 ja centenaria.<\/p><\/div>\n","protected":false},"excerpt":{"rendered":"<p>Neix Club Escacs Matar\u00f3 El mes de setembre de 1925 el Centre de Dependents havia organitzat l\u2019anomenat Primer Concurs Local d\u2019Escacs amb una trentena de participants. El guanyador va ser&nbsp;Manuel L\u00f3pez Caparr\u00f3s&nbsp;amb 35 punts, seguit de Jaume Recoder (28), d\u2019Antoni &hellip; <a href=\"https:\/\/clubescacsmataro.cat\/index.php\/historia-del-club-esacs-mataro\/\">Continuar<\/a><\/p>\n","protected":false},"author":1,"featured_media":1189,"parent":0,"menu_order":0,"comment_status":"closed","ping_status":"closed","template":"","meta":{"om_disable_all_campaigns":false,"kt_blocks_editor_width":"","_monsterinsights_skip_tracking":false,"_monsterinsights_sitenote_active":false,"_monsterinsights_sitenote_note":"","_monsterinsights_sitenote_category":0,"footnotes":""},"class_list":["post-1186","page","type-page","status-publish","has-post-thumbnail","hentry"],"aioseo_notices":[],"_links":{"self":[{"href":"https:\/\/clubescacsmataro.cat\/index.php\/wp-json\/wp\/v2\/pages\/1186","targetHints":{"allow":["GET"]}}],"collection":[{"href":"https:\/\/clubescacsmataro.cat\/index.php\/wp-json\/wp\/v2\/pages"}],"about":[{"href":"https:\/\/clubescacsmataro.cat\/index.php\/wp-json\/wp\/v2\/types\/page"}],"author":[{"embeddable":true,"href":"https:\/\/clubescacsmataro.cat\/index.php\/wp-json\/wp\/v2\/users\/1"}],"replies":[{"embeddable":true,"href":"https:\/\/clubescacsmataro.cat\/index.php\/wp-json\/wp\/v2\/comments?post=1186"}],"version-history":[{"count":15,"href":"https:\/\/clubescacsmataro.cat\/index.php\/wp-json\/wp\/v2\/pages\/1186\/revisions"}],"predecessor-version":[{"id":1690,"href":"https:\/\/clubescacsmataro.cat\/index.php\/wp-json\/wp\/v2\/pages\/1186\/revisions\/1690"}],"wp:featuredmedia":[{"embeddable":true,"href":"https:\/\/clubescacsmataro.cat\/index.php\/wp-json\/wp\/v2\/media\/1189"}],"wp:attachment":[{"href":"https:\/\/clubescacsmataro.cat\/index.php\/wp-json\/wp\/v2\/media?parent=1186"}],"curies":[{"name":"wp","href":"https:\/\/api.w.org\/{rel}","templated":true}]}}